{"id":22,"date":"2025-02-04T15:10:28","date_gmt":"2025-02-04T18:10:28","guid":{"rendered":"https:\/\/globalcargo.danielnardes.com\/?page_id=22"},"modified":"2025-02-24T10:09:00","modified_gmt":"2025-02-24T13:09:00","slug":"cargas","status":"publish","type":"page","link":"https:\/\/globalcargo.danielnardes.com\/en\/cargas\/","title":{"rendered":"Cargas"},"content":{"rendered":"<section class=\"l-section wpb_row us_custom_26063035 height_medium\"><div class=\"l-section-h i-cf\"><div class=\"g-cols vc_row via_grid cols_3 laptops-cols_inherit tablets-cols_inherit mobiles-cols_1 valign_top type_default stacking_default\"><div class=\"wpb_column vc_column_container us_custom_60e9caca us_animate_this\"><div class=\"vc_column-inner\"><h2 class=\"w-text us_custom_058139f5\"><span class=\"w-text-h\"><span class=\"w-text-value\">Cargas<\/span><\/span><\/h2><div class=\"wpb_text_column us_custom_6745946f has_text_color\"><div class=\"wpb_wrapper\"><p>Solu\u00e7\u00f5es ideais para todos os tipos de cargas, dimens\u00f5es e quantidades.<\/p>\n<\/div><\/div><\/div><\/div><\/div><\/div><\/section><section class=\"l-section wpb_row us_custom_19737bc8  hide_on_mobiles height_medium\"><div class=\"l-section-h i-cf\"><div class=\"g-cols vc_row via_grid cols_1 laptops-cols_inherit tablets-cols_inherit mobiles-cols_1 valign_top type_default stacking_default\"><div class=\"wpb_column vc_column_container\"><div class=\"vc_column-inner\"><div class=\"w-hwrapper align_justify valign_bottom\" id=\"cargas-tabs-nav-wrapper\" style=\"--hwrapper-gap:0rem\"><div class=\"wpb_text_column us_custom_ebb67fbd cargas-tabs-nav-item has_text_color us_animate_this\"><div class=\"wpb_wrapper\"><p><a href=\"#cargas-tab-01\">Carga<br \/>Seca<\/a><\/p>\n<\/div><\/div><div class=\"wpb_text_column us_custom_5c15fa1c cargas-tabs-nav-item has_text_color us_animate_this\"><div class=\"wpb_wrapper\"><p><a href=\"#cargas-tab-02\">Carga<br \/>Refrigerada<\/a><\/p>\n<\/div><\/div><div class=\"wpb_text_column us_custom_2074dfc7 cargas-tabs-nav-item has_text_color us_animate_this\"><div class=\"wpb_wrapper\"><p><a href=\"#cargas-tab-03\">Carga<br \/>Perigosa<\/a><\/p>\n<\/div><\/div><div class=\"wpb_text_column us_custom_bd7b3eb1 cargas-tabs-nav-item has_text_color us_animate_this\"><div class=\"wpb_wrapper\"><p><a href=\"#cargas-tab-04\">Carga<br \/>Projeto<\/a><\/p>\n<\/div><\/div><div class=\"wpb_text_column us_custom_d8b69471 cargas-tabs-nav-item has_text_color us_animate_this\"><div class=\"wpb_wrapper\"><p><a href=\"#cargas-tab-05\">Carga<br \/>\u00e0 Granel<\/a><\/p>\n<\/div><\/div><div class=\"wpb_text_column us_custom_45b97507 cargas-tabs-nav-item has_text_color us_animate_this\"><div class=\"wpb_wrapper\"><p><a href=\"#cargas-tab-06\">Ind\u00fastrias<\/a><\/p>\n<\/div><\/div><\/div><\/div><\/div><\/div><\/div><\/section><section class=\"l-section wpb_row us_custom_88d968e1 us_animate_this height_medium\"><div class=\"l-section-h i-cf\"><div class=\"g-cols vc_row via_grid cols_1 laptops-cols_inherit tablets-cols_inherit mobiles-cols_1 valign_top type_default stacking_default\"><div class=\"wpb_column vc_column_container\" id=\"cargas-tabs\"><div class=\"vc_column-inner\"><div class=\"g-cols wpb_row us_custom_45dc69e4 cargas-tab overflow-hide via_grid cols_2 laptops-cols_inherit tablets-cols_inherit mobiles-cols_1 valign_top type_default stacking_default\" style=\"grid-gap:0rem;\" id=\"cargas-tab-01\"><div class=\"wpb_column vc_column_container us_custom_edb423b1 column-image-fit  hide_on_mobiles\"><div class=\"vc_column-inner\"><div class=\"w-image us_custom_0a731c65 column-image-fit-tag align_none\"><div class=\"w-image-h\"><img loading=\"lazy\" decoding=\"async\" width=\"718\" height=\"527\" src=\"https:\/\/globalcargo.danielnardes.com\/wp-content\/uploads\/2025\/02\/global-cargo-cargas-02.jpg\" class=\"attachment-full size-full\" alt=\"\" srcset=\"https:\/\/globalcargo.danielnardes.com\/wp-content\/uploads\/2025\/02\/global-cargo-cargas-02.jpg 718w, https:\/\/globalcargo.danielnardes.com\/wp-content\/uploads\/2025\/02\/global-cargo-cargas-02-300x220.jpg 300w\" sizes=\"auto, (max-width: 718px) 100vw, 718px\" \/><\/div><\/div><\/div><\/div><div class=\"wpb_column vc_column_container\"><div class=\"vc_column-inner\"><div class=\"w-vwrapper us_custom_3215a4a7 has_text_color align_none valign_top\" style=\"--vwrapper-gap:2rem\"><h3 class=\"w-text us_custom_058139f5\"><span class=\"w-text-h\"><span class=\"w-text-value\">Carga Seca<\/span><\/span><\/h3><div class=\"wpb_text_column\"><div class=\"wpb_wrapper\"><p>Produtos industrializados e n\u00e3o perec\u00edveis tamb\u00e9m necessitam de uma estrat\u00e9gia log\u00edstica a fim de minimizar custos e otimizar o tempo de tr\u00e2nsito. V\u00e1rias s\u00e3o as solu\u00e7\u00f5es que encontramos para esse tipo de carga e cada tipo em espec\u00edfico requer um tratamento, como por exemplo no caso dos eletr\u00f4nicos, em que temos muito cuidado com os tipos de embalagens e prote\u00e7\u00f5es, tendo em vista o alto valor agregado.<\/p>\n<\/div><\/div><\/div><\/div><\/div><\/div><div class=\"g-cols wpb_row us_custom_45dc69e4 cargas-tab overflow-hide via_grid cols_2 laptops-cols_inherit tablets-cols_inherit mobiles-cols_1 valign_top type_default stacking_default\" style=\"grid-gap:0rem;\" id=\"cargas-tab-02\"><div class=\"wpb_column vc_column_container column-image-fit  hide_on_mobiles\"><div class=\"vc_column-inner\"><div class=\"w-image us_custom_0a731c65 column-image-fit-tag align_none\"><div class=\"w-image-h\"><img loading=\"lazy\" decoding=\"async\" width=\"607\" height=\"537\" src=\"https:\/\/globalcargo.danielnardes.com\/wp-content\/uploads\/2025\/02\/global-cargo-cargas-03.jpg\" class=\"attachment-full size-full\" alt=\"\" srcset=\"https:\/\/globalcargo.danielnardes.com\/wp-content\/uploads\/2025\/02\/global-cargo-cargas-03.jpg 607w, https:\/\/globalcargo.danielnardes.com\/wp-content\/uploads\/2025\/02\/global-cargo-cargas-03-300x265.jpg 300w\" sizes=\"auto, (max-width: 607px) 100vw, 607px\" \/><\/div><\/div><\/div><\/div><div class=\"wpb_column vc_column_container\"><div class=\"vc_column-inner\"><div class=\"w-vwrapper us_custom_3215a4a7 has_text_color align_none valign_top\" style=\"--vwrapper-gap:2rem\"><h3 class=\"w-text us_custom_058139f5\"><span class=\"w-text-h\"><span class=\"w-text-value\">Carga Refrigerada<\/span><\/span><\/h3><div class=\"wpb_text_column\"><div class=\"wpb_wrapper\"><p>Cargas refrigeradas requerem um cuidado diferenciado. Identificar a solu\u00e7\u00e3o log\u00edstica ideal \u00e9 o ponto chave para o sucesso da opera\u00e7\u00e3o. O tempo de tr\u00e2nsito desde a coleta no exportador at\u00e9 a chegada no armaz\u00e9m do agente de cargas deve ser compat\u00edvel com as instru\u00e7\u00f5es recebidas. Al\u00e9m disso, contamos com nosso walk-in cooler com capacidade para mais de 20 pallets, o que nos garante manuten\u00e7\u00e3o da integridade das cargas. O uso do datalogger auxilia na obten\u00e7\u00e3o das m\u00e9tricas de controle de temperatura durante todo o processo.<\/p>\n<\/div><\/div><\/div><\/div><\/div><\/div><div class=\"g-cols wpb_row us_custom_45dc69e4 cargas-tab overflow-hide via_grid cols_2 laptops-cols_inherit tablets-cols_inherit mobiles-cols_1 valign_top type_default stacking_default\" style=\"grid-gap:0rem;\" id=\"cargas-tab-03\"><div class=\"wpb_column vc_column_container column-image-fit  hide_on_mobiles\"><div class=\"vc_column-inner\"><div class=\"w-image us_custom_0a731c65 column-image-fit-tag align_none\"><div class=\"w-image-h\"><img loading=\"lazy\" decoding=\"async\" width=\"607\" height=\"535\" src=\"https:\/\/globalcargo.danielnardes.com\/wp-content\/uploads\/2025\/02\/global-cargo-cargas-04.jpg\" class=\"attachment-full size-full\" alt=\"\" srcset=\"https:\/\/globalcargo.danielnardes.com\/wp-content\/uploads\/2025\/02\/global-cargo-cargas-04.jpg 607w, https:\/\/globalcargo.danielnardes.com\/wp-content\/uploads\/2025\/02\/global-cargo-cargas-04-300x264.jpg 300w\" sizes=\"auto, (max-width: 607px) 100vw, 607px\" \/><\/div><\/div><\/div><\/div><div class=\"wpb_column vc_column_container\"><div class=\"vc_column-inner\"><div class=\"w-vwrapper us_custom_3215a4a7 has_text_color align_none valign_top\" style=\"--vwrapper-gap:2rem\"><h3 class=\"w-text us_custom_058139f5\"><span class=\"w-text-h\"><span class=\"w-text-value\">Carga Perigosa<\/span><\/span><\/h3><div class=\"wpb_text_column\"><div class=\"wpb_wrapper\"><p>O manuseio e a coordena\u00e7\u00e3o de embarques de cargas perigosas requerem experi\u00eancia e conhecimento. Embalagens, etiquetas, quantidade m\u00e1xima permitidas por cada companhia a\u00e9rea s\u00e3o apenas alguns dos v\u00e1rios pontos que devemos analisar. Nossos especialistas cuidam de todos os detalhes, para garantirmos que todas as exig\u00eancias s\u00e3o integralmente atendidas.<\/p>\n<\/div><\/div><\/div><\/div><\/div><\/div><div class=\"g-cols wpb_row us_custom_45dc69e4 cargas-tab overflow-hide via_grid cols_2 laptops-cols_inherit tablets-cols_inherit mobiles-cols_1 valign_top type_default stacking_default\" style=\"grid-gap:0rem;\" id=\"cargas-tab-04\"><div class=\"wpb_column vc_column_container column-image-fit  hide_on_mobiles\"><div class=\"vc_column-inner\"><div class=\"w-image us_custom_0a731c65 column-image-fit-tag align_none\"><div class=\"w-image-h\"><img loading=\"lazy\" decoding=\"async\" width=\"897\" height=\"800\" src=\"https:\/\/globalcargo.danielnardes.com\/wp-content\/uploads\/2025\/02\/global-cargo-cargas-05.jpg\" class=\"attachment-full size-full\" alt=\"\" srcset=\"https:\/\/globalcargo.danielnardes.com\/wp-content\/uploads\/2025\/02\/global-cargo-cargas-05.jpg 897w, https:\/\/globalcargo.danielnardes.com\/wp-content\/uploads\/2025\/02\/global-cargo-cargas-05-300x268.jpg 300w\" sizes=\"auto, (max-width: 897px) 100vw, 897px\" \/><\/div><\/div><\/div><\/div><div class=\"wpb_column vc_column_container\"><div class=\"vc_column-inner\"><div class=\"w-vwrapper us_custom_3215a4a7 has_text_color align_none valign_top\" style=\"--vwrapper-gap:2rem\"><h3 class=\"w-text us_custom_058139f5\"><span class=\"w-text-h\"><span class=\"w-text-value\">Carga Projeto<\/span><\/span><\/h3><div class=\"wpb_text_column\"><div class=\"wpb_wrapper\"><p>Coordenar cargas projeto por mais de 20 anos nos permitiu sermos experts no assunto. Colecionamos in\u00fameros casos de sucesso e muitos clientes bem-sucedidos. Contamos com uma rede de provedores parceiros que facilita toda movimenta\u00e7\u00e3o interna de cargas, al\u00e9m de excelentes contratos com as melhores companhias mar\u00edtimas\/a\u00e9reas, que nos oferecem um servi\u00e7o especial.<\/p>\n<\/div><\/div><\/div><\/div><\/div><\/div><div class=\"g-cols wpb_row us_custom_45dc69e4 cargas-tab overflow-hide via_grid cols_2 laptops-cols_inherit tablets-cols_inherit mobiles-cols_1 valign_top type_default stacking_default\" style=\"grid-gap:0rem;\" id=\"cargas-tab-05\"><div class=\"wpb_column vc_column_container column-image-fit  hide_on_mobiles\"><div class=\"vc_column-inner\"><div class=\"w-image us_custom_0a731c65 column-image-fit-tag align_none\"><div class=\"w-image-h\"><img loading=\"lazy\" decoding=\"async\" width=\"763\" height=\"543\" src=\"https:\/\/globalcargo.danielnardes.com\/wp-content\/uploads\/2025\/02\/global-cargo-cargas-06.jpg\" class=\"attachment-full size-full\" alt=\"\" srcset=\"https:\/\/globalcargo.danielnardes.com\/wp-content\/uploads\/2025\/02\/global-cargo-cargas-06.jpg 763w, https:\/\/globalcargo.danielnardes.com\/wp-content\/uploads\/2025\/02\/global-cargo-cargas-06-300x213.jpg 300w\" sizes=\"auto, (max-width: 763px) 100vw, 763px\" \/><\/div><\/div><\/div><\/div><div class=\"wpb_column vc_column_container\"><div class=\"vc_column-inner\"><div class=\"w-vwrapper us_custom_3215a4a7 has_text_color align_none valign_top\" style=\"--vwrapper-gap:2rem\"><h3 class=\"w-text us_custom_058139f5\"><span class=\"w-text-h\"><span class=\"w-text-value\">Carga \u00e0 Granel<\/span><\/span><\/h3><div class=\"wpb_text_column\"><div class=\"wpb_wrapper\"><p>A carga \u00e0 granel pode ser transportada em sacas, pallets, containers e cada forma requer uma atua\u00e7\u00e3o diferente compat\u00edvel com suas particularidades. A estrat\u00e9gia de carregamento e descarregamento de sacas deve ser bem elaborada, para otimizar o tempo e atender aos prazos estabelecidos. Certos cuidados devem ser considerados e para isso contamos com coordenadores experientes e capacitados.<\/p>\n<\/div><\/div><\/div><\/div><\/div><\/div><div class=\"g-cols wpb_row us_custom_45dc69e4 cargas-tab overflow-hide via_grid cols_2 laptops-cols_inherit tablets-cols_inherit mobiles-cols_1 valign_top type_default stacking_default\" style=\"grid-gap:0rem;\" id=\"cargas-tab-06\"><div class=\"wpb_column vc_column_container column-image-fit  hide_on_mobiles\"><div class=\"vc_column-inner\"><div class=\"w-image us_custom_0a731c65 column-image-fit-tag align_none\"><div class=\"w-image-h\"><img loading=\"lazy\" decoding=\"async\" width=\"611\" height=\"542\" src=\"https:\/\/globalcargo.danielnardes.com\/wp-content\/uploads\/2025\/02\/global-cargo-cargas-01.jpg\" class=\"attachment-full size-full\" alt=\"\" srcset=\"https:\/\/globalcargo.danielnardes.com\/wp-content\/uploads\/2025\/02\/global-cargo-cargas-01.jpg 611w, https:\/\/globalcargo.danielnardes.com\/wp-content\/uploads\/2025\/02\/global-cargo-cargas-01-300x266.jpg 300w\" sizes=\"auto, (max-width: 611px) 100vw, 611px\" \/><\/div><\/div><\/div><\/div><div class=\"wpb_column vc_column_container\"><div class=\"vc_column-inner\"><div class=\"w-vwrapper us_custom_3215a4a7 has_text_color align_none valign_top\" style=\"--vwrapper-gap:2rem\"><h3 class=\"w-text us_custom_058139f5\"><span class=\"w-text-h\"><span class=\"w-text-value\">Ind\u00fastrias<\/span><\/span><\/h3><div class=\"wpb_text_column\"><div class=\"wpb_wrapper\"><p>N\u00f3s oferecemos a nossa estrutura e conhecimento para todo tipo de Ind\u00fastria, especialmente: automotiva, frigor\u00edfica, constru\u00e7\u00e3o, energia, tecnologia entre outras<\/p>\n<ul>\n<li>Automotivo;<\/li>\n<li>Constru\u00e7\u00e3o;<\/li>\n<li>Minera\u00e7\u00e3o;<\/li>\n<li>Energia;<\/li>\n<li>Tecnologia;<\/li>\n<li>Alimentos.<\/li>\n<\/ul>\n<\/div><\/div><\/div><\/div><\/div><\/div><\/div><\/div><\/div><\/div><\/section><section class=\"l-section wpb_row us_custom_ddc05df6 us_animate_this height_medium\"><div class=\"l-section-h i-cf\"><div class=\"g-cols vc_row via_grid cols_1 laptops-cols_inherit tablets-cols_inherit mobiles-cols_1 valign_top type_default stacking_default\"><div class=\"wpb_column vc_column_container us_custom_95ac088c s-cta overflow-hide has_bg_color has-link\"><div class=\"vc_column-inner\"><div class=\"g-cols wpb_row via_grid cols_2 laptops-cols_inherit tablets-cols_inherit mobiles-cols_1 valign_middle type_default stacking_default\" style=\"grid-gap:2rem;\"><div class=\"wpb_column vc_column_container us_custom_edb423b1 column-image-fit overflow-hide  hide_on_mobiles\"><div class=\"vc_column-inner\"><div class=\"w-image us_custom_0a731c65 s-cta-img column-image-fit-tag align_none\"><div class=\"w-image-h\"><img loading=\"lazy\" decoding=\"async\" width=\"1182\" height=\"500\" src=\"https:\/\/globalcargo.danielnardes.com\/wp-content\/uploads\/2025\/02\/global-cargo-services-cta-img.jpg\" class=\"attachment-full size-full\" alt=\"\" srcset=\"https:\/\/globalcargo.danielnardes.com\/wp-content\/uploads\/2025\/02\/global-cargo-services-cta-img.jpg 1182w, https:\/\/globalcargo.danielnardes.com\/wp-content\/uploads\/2025\/02\/global-cargo-services-cta-img-300x127.jpg 300w, https:\/\/globalcargo.danielnardes.com\/wp-content\/uploads\/2025\/02\/global-cargo-services-cta-img-1024x433.jpg 1024w\" sizes=\"auto, (max-width: 1182px) 100vw, 1182px\" \/><\/div><\/div><\/div><\/div><div class=\"wpb_column vc_column_container us_custom_eea1b8cc\"><div class=\"vc_column-inner\"><div class=\"w-hwrapper align_none valign_top\"><div class=\"wpb_text_column us_custom_f1fc3b07 has_text_color\"><div class=\"wpb_wrapper\"><h4>Fale conosco e <br \/>solicite um or\u00e7amento<\/h4>\n<\/div><\/div><\/div><\/div><\/div><\/div><\/div><a href=\"https:\/\/globalcargo.danielnardes.com\/contato\/\" class=\"vc_column-link smooth-scroll\" aria-label=\"Link\"><\/a><\/div><\/div><\/div><\/section>\n","protected":false},"excerpt":{"rendered":"CargasSolu\u00e7\u00f5es ideais para todos os tipos de cargas, dimens\u00f5es e quantidades. CargaSeca CargaRefrigerada CargaPerigosa CargaProjeto Carga\u00e0 Granel Ind\u00fastrias Carga SecaProdutos industrializados e n\u00e3o perec\u00edveis tamb\u00e9m necessitam de uma estrat\u00e9gia log\u00edstica a fim de minimizar custos e otimizar o tempo de tr\u00e2nsito. V\u00e1rias s\u00e3o as solu\u00e7\u00f5es que encontramos para esse tipo de carga e cada tipo...","protected":false},"author":1,"featured_media":0,"parent":0,"menu_order":40,"comment_status":"closed","ping_status":"closed","template":"","meta":{"footnotes":""},"class_list":["post-22","page","type-page","status-publish","hentry"],"_links":{"self":[{"href":"https:\/\/globalcargo.danielnardes.com\/en\/wp-json\/wp\/v2\/pages\/22","targetHints":{"allow":["GET"]}}],"collection":[{"href":"https:\/\/globalcargo.danielnardes.com\/en\/wp-json\/wp\/v2\/pages"}],"about":[{"href":"https:\/\/globalcargo.danielnardes.com\/en\/wp-json\/wp\/v2\/types\/page"}],"author":[{"embeddable":true,"href":"https:\/\/globalcargo.danielnardes.com\/en\/wp-json\/wp\/v2\/users\/1"}],"replies":[{"embeddable":true,"href":"https:\/\/globalcargo.danielnardes.com\/en\/wp-json\/wp\/v2\/comments?post=22"}],"version-history":[{"count":0,"href":"https:\/\/globalcargo.danielnardes.com\/en\/wp-json\/wp\/v2\/pages\/22\/revisions"}],"wp:attachment":[{"href":"https:\/\/globalcargo.danielnardes.com\/en\/wp-json\/wp\/v2\/media?parent=22"}],"curies":[{"name":"wp","href":"https:\/\/api.w.org\/{rel}","templated":true}]}}